{"id":33084,"date":"2025-06-13T16:08:12","date_gmt":"2025-06-13T15:08:12","guid":{"rendered":"https:\/\/www.eglisemigrationvd.com\/wpweb\/?page_id=33084"},"modified":"2025-07-15T09:16:54","modified_gmt":"2025-07-15T08:16:54","slug":"rediger-le-cv","status":"publish","type":"page","link":"http:\/\/www.eglisemigrationvd.com\/wpweb\/?page_id=33084","title":{"rendered":"REDACTION DE CV"},"content":{"rendered":"\n<h1 class=\"wp-block-heading has-text-align-center\">R\u00e9daction de CV et des lettres<\/h1>\n\n\n\n<p><\/p>\n\n\n\n<p><strong>Afin de r\u00e9diger vos CV et vos lettres de motivation en fran\u00e7ais, nous avons des \u00e9crivains publics qui mettent \u00e0 disposition leurs comp\u00e9tences et exp\u00e9riences.<\/strong><\/p>\n\n\n\n<p><strong>Ce service est accessible sans rendez-vous, par ordre d\u2019arriv\u00e9e, 5-8 personnes par matin\u00e9e.<\/strong><\/p>\n\n\n\n<p><strong>Lundi\u00a0 09h30 \u2013 12h00<\/strong><\/p>\n\n\n\n<p><strong>Jeudi\u00a0 09h30 \u2013 12h00<\/strong><\/p>\n\n\n\n<p><strong>Vendredi\u00a0 09h30 \u2013 12h00<\/strong><\/p>\n\n\n<div class=\"wp-block-image\">\n<figure class=\"aligncenter size-full is-resized\"><a href=\"https:\/\/i0.wp.com\/www.eglisemigrationvd.com\/wpweb\/wp-content\/uploads\/2025\/07\/OIP-3.jpg?ssl=1\"><img data-recalc-dims=\"1\" loading=\"lazy\" decoding=\"async\" width=\"278\" height=\"192\" src=\"https:\/\/i0.wp.com\/www.eglisemigrationvd.com\/wpweb\/wp-content\/uploads\/2025\/07\/OIP-3.jpg?resize=278%2C192&#038;ssl=1\" alt=\"\" class=\"wp-image-33291\" style=\"width:403px;height:auto\"\/><\/a><\/figure><\/div>","protected":false},"excerpt":{"rendered":"<p>R\u00e9daction de CV et des lettres Afin de r\u00e9diger vos CV et vos lettres de motivation en fran\u00e7ais, nous avons des \u00e9crivains publics qui mettent \u00e0 disposition leurs comp\u00e9tences et exp\u00e9riences. Ce service est accessible sans rendez-vous, par ordre d\u2019arriv\u00e9e, 5-8 personnes par matin\u00e9e. Lundi\u00a0 09h30 \u2013 12h00 Jeudi\u00a0 09h30 \u2013 12h00 Vendredi\u00a0 09h30 \u2013 12h00<\/p>\n","protected":false},"author":1,"featured_media":0,"parent":0,"menu_order":0,"comment_status":"closed","ping_status":"closed","template":"","meta":{"ngg_post_thumbnail":0,"jetpack_post_was_ever_published":false,"footnotes":""},"class_list":["post-33084","page","type-page","status-publish","hentry"],"jetpack_sharing_enabled":true,"jetpack_shortlink":"https:\/\/wp.me\/P5l6ys-8BC","_links":{"self":[{"href":"http:\/\/www.eglisemigrationvd.com\/wpweb\/index.php?rest_route=\/wp\/v2\/pages\/33084","targetHints":{"allow":["GET"]}}],"collection":[{"href":"http:\/\/www.eglisemigrationvd.com\/wpweb\/index.php?rest_route=\/wp\/v2\/pages"}],"about":[{"href":"http:\/\/www.eglisemigrationvd.com\/wpweb\/index.php?rest_route=\/wp\/v2\/types\/page"}],"author":[{"embeddable":true,"href":"http:\/\/www.eglisemigrationvd.com\/wpweb\/index.php?rest_route=\/wp\/v2\/users\/1"}],"replies":[{"embeddable":true,"href":"http:\/\/www.eglisemigrationvd.com\/wpweb\/index.php?rest_route=%2Fwp%2Fv2%2Fcomments&post=33084"}],"version-history":[{"count":4,"href":"http:\/\/www.eglisemigrationvd.com\/wpweb\/index.php?rest_route=\/wp\/v2\/pages\/33084\/revisions"}],"predecessor-version":[{"id":33292,"href":"http:\/\/www.eglisemigrationvd.com\/wpweb\/index.php?rest_route=\/wp\/v2\/pages\/33084\/revisions\/33292"}],"wp:attachment":[{"href":"http:\/\/www.eglisemigrationvd.com\/wpweb\/index.php?rest_route=%2Fwp%2Fv2%2Fmedia&parent=33084"}],"curies":[{"name":"wp","href":"https:\/\/api.w.org\/{rel}","templated":true}]}}