{"id":33128,"date":"2025-07-04T13:36:07","date_gmt":"2025-07-04T12:36:07","guid":{"rendered":"https:\/\/www.eglisemigrationvd.com\/wpweb\/?page_id=33128"},"modified":"2025-07-11T16:24:40","modified_gmt":"2025-07-11T15:24:40","slug":"ateliers-de-conversation","status":"publish","type":"page","link":"http:\/\/www.eglisemigrationvd.com\/wpweb\/?page_id=33128","title":{"rendered":"COURS DE FRAN\u00c7AIS"},"content":{"rendered":"\n<p><\/p>\n\n\n\n<p><\/p>\n\n\n\n<h1 class=\"wp-block-heading has-text-align-center\">COURS DE FRAN\u00c7AIS et ATELIERS DE CONVERSATION<\/h1>\n\n\n\n<h3 class=\"wp-block-heading has-text-align-center\"><\/h3>\n\n\n<div class=\"wp-block-image\">\n<figure class=\"aligncenter size-full is-resized\"><a href=\"https:\/\/i0.wp.com\/www.eglisemigrationvd.com\/wpweb\/wp-content\/uploads\/2025\/07\/OIP-2.jpg?ssl=1\"><img data-recalc-dims=\"1\" loading=\"lazy\" decoding=\"async\" width=\"283\" height=\"180\" src=\"https:\/\/i0.wp.com\/www.eglisemigrationvd.com\/wpweb\/wp-content\/uploads\/2025\/07\/OIP-2.jpg?resize=283%2C180&#038;ssl=1\" alt=\"\" class=\"wp-image-33227\" style=\"width:472px;height:auto\"\/><\/a><\/figure><\/div>\n\n\n<h3 class=\"wp-block-heading\"><strong>Cours de fran\u00e7ais&nbsp;<\/strong>(sur inscription)<\/h3>\n\n\n\n<p>Inscriptions pour les le\u00e7ons 2025\/2026: <\/p>\n\n\n\n<ul class=\"wp-block-list\">\n<li>Mardi 26 ao\u00fbt, 15h00-18h00<\/li>\n\n\n\n<li>Mercredi 27 ao\u00fbt, 9h00-12h00 et 13h00-16h00<\/li>\n<\/ul>\n\n\n\n<p>D\u00e9but des cours \u00e0 partir du mardi 23 septembre.<\/p>\n\n\n\n<p>Pour des renseignements: <\/p>\n\n\n\n<ul class=\"wp-block-list\">\n<li>T\u00e9l\u00e9phone :&nbsp;<strong>021 331 57 20<\/strong>&nbsp;(mercredi de 10h \u00e0 12h et&nbsp;vendredi de 14h \u00e0 17h)<\/li>\n\n\n\n<li>Courriel :&nbsp;<strong>pointdappuivd@gmail.com<\/strong><\/li>\n\n\n\n<li>Adresse secr\u00e9tariat : <strong>Point d\u2019Appui<\/strong>, <strong>Rue Saint-Martin 36<\/strong> &#8211; <strong>1005 Lausanne<\/strong><\/li>\n<\/ul>\n\n\n\n<p><\/p>\n\n\n\n<p>&#8212;&#8212;&#8212;&#8212;&#8212;&#8212;&#8212;&#8212;&#8212;&#8212;&#8212;&#8212;&#8212;&#8212;&#8212;&#8212;&#8212;&#8212;&#8212;&#8212;&#8212;&#8212;&#8212;&#8212;&#8212;&#8212;&#8212;&#8212;&#8212;&#8212;&#8212;&#8212;<\/p>\n\n\n<div class=\"wp-block-image\">\n<figure class=\"aligncenter size-full is-resized\"><a href=\"https:\/\/i0.wp.com\/www.eglisemigrationvd.com\/wpweb\/wp-content\/uploads\/2025\/07\/OI-1-1.jpg?ssl=1\"><img data-recalc-dims=\"1\" loading=\"lazy\" decoding=\"async\" width=\"282\" height=\"171\" src=\"https:\/\/i0.wp.com\/www.eglisemigrationvd.com\/wpweb\/wp-content\/uploads\/2025\/07\/OI-1-1.jpg?resize=282%2C171&#038;ssl=1\" alt=\"\" class=\"wp-image-33255\" style=\"width:500px;height:auto\"\/><\/a><\/figure><\/div>\n\n\n<h3 class=\"wp-block-heading\"><strong>Ateliers de conversation<\/strong> (sans inscription)<\/h3>\n\n\n\n<p>Pour exercer le fran\u00e7ais en conversant (gratuitement et sans inscription):<\/p>\n\n\n\n<p><strong>Mercredi<\/strong> 10h-11h00 \u00e0 Point d\u2019Appui<\/p>\n\n\n\n<p><strong>Jeudi <\/strong>10h \u2013 11h00 \u00e0 Point d\u2019Appui<\/p>\n\n\n\n<p><strong>Jeudi <\/strong>14h \u2013 15h \u00e0 Point d\u2019Appui <\/p>\n\n\n\n<p><strong>Vendredi <\/strong>9h30 &#8211; 11h00 \u00e0 la Maison de Quartier de la Pontaise &#8211; (Rue de la Pontaise, 33)<\/p>\n","protected":false},"excerpt":{"rendered":"<p>COURS DE FRAN\u00c7AIS et ATELIERS DE CONVERSATION Cours de fran\u00e7ais&nbsp;(sur inscription) Inscriptions pour les le\u00e7ons 2025\/2026: D\u00e9but des cours \u00e0 partir du mardi 23 septembre. Pour des renseignements: &#8212;&#8212;&#8212;&#8212;&#8212;&#8212;&#8212;&#8212;&#8212;&#8212;&#8212;&#8212;&#8212;&#8212;&#8212;&#8212;&#8212;&#8212;&#8212;&#8212;&#8212;&#8212;&#8212;&#8212;&#8212;&#8212;&#8212;&#8212;&#8212;&#8212;&#8212;&#8212; Ateliers de conversation (sans inscription) Pour exercer le fran\u00e7ais en conversant (gratuitement et sans inscription): Mercredi 10h-11h00 \u00e0 Point d\u2019Appui Jeudi 10h \u2013 11h00 \u00e0 Point d\u2019Appui Jeudi 14h \u2013 15h<\/p>\n<p><a class=\"more-link\" href=\"http:\/\/www.eglisemigrationvd.com\/wpweb\/?page_id=33128\">Read More<\/a><\/p>\n","protected":false},"author":1,"featured_media":0,"parent":0,"menu_order":0,"comment_status":"closed","ping_status":"closed","template":"","meta":{"ngg_post_thumbnail":0,"jetpack_post_was_ever_published":false,"footnotes":""},"class_list":["post-33128","page","type-page","status-publish","hentry"],"jetpack_sharing_enabled":true,"jetpack_shortlink":"https:\/\/wp.me\/P5l6ys-8Ck","_links":{"self":[{"href":"http:\/\/www.eglisemigrationvd.com\/wpweb\/index.php?rest_route=\/wp\/v2\/pages\/33128","targetHints":{"allow":["GET"]}}],"collection":[{"href":"http:\/\/www.eglisemigrationvd.com\/wpweb\/index.php?rest_route=\/wp\/v2\/pages"}],"about":[{"href":"http:\/\/www.eglisemigrationvd.com\/wpweb\/index.php?rest_route=\/wp\/v2\/types\/page"}],"author":[{"embeddable":true,"href":"http:\/\/www.eglisemigrationvd.com\/wpweb\/index.php?rest_route=\/wp\/v2\/users\/1"}],"replies":[{"embeddable":true,"href":"http:\/\/www.eglisemigrationvd.com\/wpweb\/index.php?rest_route=%2Fwp%2Fv2%2Fcomments&post=33128"}],"version-history":[{"count":18,"href":"http:\/\/www.eglisemigrationvd.com\/wpweb\/index.php?rest_route=\/wp\/v2\/pages\/33128\/revisions"}],"predecessor-version":[{"id":33260,"href":"http:\/\/www.eglisemigrationvd.com\/wpweb\/index.php?rest_route=\/wp\/v2\/pages\/33128\/revisions\/33260"}],"wp:attachment":[{"href":"http:\/\/www.eglisemigrationvd.com\/wpweb\/index.php?rest_route=%2Fwp%2Fv2%2Fmedia&parent=33128"}],"curies":[{"name":"wp","href":"https:\/\/api.w.org\/{rel}","templated":true}]}}