{"id":90,"date":"2014-01-29T22:37:00","date_gmt":"2014-01-29T21:37:00","guid":{"rendered":"http:\/\/www.eglisemigrationvd.com\/wpweb\/?page_id=90"},"modified":"2025-07-11T15:54:06","modified_gmt":"2025-07-11T14:54:06","slug":"les-mediateurs","status":"publish","type":"page","link":"http:\/\/www.eglisemigrationvd.com\/wpweb\/?page_id=90","title":{"rendered":"L&rsquo;\u00e9quipe"},"content":{"rendered":"<figure id=\"attachment_380\"><\/figure>\n<h3><strong>Diane Barraud, m\u00e9diatrice<\/strong><\/h3>\n<p><a href=\"https:\/\/i0.wp.com\/www.eglisemigrationvd.com\/wpweb\/wp-content\/uploads\/2025\/06\/diane.jpg\"><img data-recalc-dims=\"1\" loading=\"lazy\" decoding=\"async\" class=\"alignleft wp-image-33058\" src=\"https:\/\/i0.wp.com\/www.eglisemigrationvd.com\/wpweb\/wp-content\/uploads\/2025\/06\/diane.jpg?resize=75%2C100\" alt=\"\" width=\"75\" height=\"100\"><\/a><\/p>\n<p style=\"text-align: justify;\">Fille et petite-fille de r\u00e9fugi\u00e9s tch\u00e9coslovaques, Diane Barraud a dans ses g\u00e8nes cette sensibilit\u00e9 pour la migration. Engag\u00e9e tr\u00e8s jeune dans sa paroisse du Gros-de-Vaud et dans les scouts, elle part \u00e0 vingt ans \u00e0 Madagascar, un voyage important pour elle. Apr\u00e8s ses \u00e9tudes de th\u00e9ologie \u00e0 Lausanne et Paris, elle exerce son minist\u00e8re de pasteure dans la paroisse du Jorat, avant de partir, trois ans durant, \u00e0 Paris au contact de la pr\u00e9carit\u00e9 dans des quartiers difficiles, au sein de la Mission Populaire \u00e9vang\u00e9lique de France.<\/p>\n<p style=\"text-align: justify;\">En juillet 2011, elle a commenc\u00e9 son travail en tant que m\u00e9diatrice \u00e0 Point d&rsquo;Appui.<\/p>\n<p>&nbsp;<\/p>\n<h3><strong>Aline Glassey Duarte, m\u00e9diatrice<\/strong><\/h3>\n<p><a href=\"https:\/\/i0.wp.com\/www.eglisemigrationvd.com\/wpweb\/wp-content\/uploads\/2025\/06\/aline.webp\"><img data-recalc-dims=\"1\" loading=\"lazy\" decoding=\"async\" class=\"alignleft wp-image-33048\" src=\"https:\/\/i0.wp.com\/www.eglisemigrationvd.com\/wpweb\/wp-content\/uploads\/2025\/06\/aline.webp?resize=68%2C100\" alt=\"\" width=\"68\" height=\"100\"><\/a><\/p>\n<p>Apr\u00e8s des \u00e9tudes en Relations internationales, Aline a v\u00e9cu en Argentine au service de personnes en situation de pr\u00e9carit\u00e9 dans des quartiers d\u00e9favoris\u00e9s et en prison. Elle a \u00e9galement entrepris, l\u00e0-bas, des \u00e9tudes en Psychologie sociale.<\/p>\n<p>En janvier 2021, elle a assum\u00e9 le r\u00f4le de responsable de l&rsquo;accueil \u00e0 Point d&rsquo;Appui et depuis 2024, elle est devenue m\u00e9diatrice Eglise-R\u00e9fugi\u00e9s.<\/p>\n<p>&nbsp;<\/p>\n<h3><strong>Feven Afeworki, responsable de l&rsquo;accueil socio-communautaire<\/strong><\/h3>\n<p><a href=\"https:\/\/i0.wp.com\/www.eglisemigrationvd.com\/wpweb\/wp-content\/uploads\/2025\/06\/fevene.jpg\"><img data-recalc-dims=\"1\" loading=\"lazy\" decoding=\"async\" class=\"alignleft wp-image-33045\" src=\"https:\/\/i0.wp.com\/www.eglisemigrationvd.com\/wpweb\/wp-content\/uploads\/2025\/06\/fevene.jpg?resize=74%2C82\" alt=\"\" width=\"74\" height=\"82\"><\/a><\/p>\n<p>Depuis l&rsquo;\u00e9t\u00e9 2024, Feven occupe le poste de responsable de l&rsquo;accueil.<\/p>\n<p>&nbsp;<\/p>\n<h3><strong>Samuel Wahli, aum\u00f4nier&nbsp;<\/strong><\/h3>\n<p><a href=\"https:\/\/i0.wp.com\/www.eglisemigrationvd.com\/wpweb\/wp-content\/uploads\/2025\/06\/samuell.jpg\"><img data-recalc-dims=\"1\" loading=\"lazy\" decoding=\"async\" class=\"alignleft  wp-image-33056\" src=\"https:\/\/i0.wp.com\/www.eglisemigrationvd.com\/wpweb\/wp-content\/uploads\/2025\/06\/samuell.jpg?resize=73%2C82\" alt=\"\" width=\"73\" height=\"82\"><\/a><\/p>\n<p>Fort d&rsquo;une vaste exp\u00e9rience de terrain qui l&rsquo;a men\u00e9 d&rsquo;un apprentissage de ferblantier-installateur sanitaire jusqu&rsquo;\u00e0 nous, en passant par les soins en milieu psychiatrique, l&rsquo;Arm\u00e9e du Salut et la Jama\u00efque o\u00f9 il a v\u00e9cu son engagement religieux aux c\u00f4t\u00e9s des plus d\u00e9favoris\u00e9s, Samuel a choisi le Point d&rsquo;Appui en compl\u00e9ment ( 1 jour par semaine ) de son activit\u00e9 principale comme aum\u00f4nier du monde agricole.<\/p>\n<p>&nbsp;<\/p>\n<h3><strong>Civiliste<\/strong><\/h3>\n<p>Au fil des ann\u00e9es, des jeunes pleins de bonne volont\u00e9 se relaient pour assurer un accueil chaleureux au secr\u00e9tariat de Point d&rsquo;Appui.<\/p>\n<p>Contactez-nous si vous souhaitez faire votre service civil \u00e0 Point d&rsquo;Appui.<\/p>\n<p>&nbsp;<\/p>\n<h3><strong>&#8230;et de nombreux b\u00e9n\u00e9voles<\/strong><\/h3>\n<p>Point d&rsquo;Appui ne pourrait fonctionner sans tous les b\u00e9n\u00e9voles engag\u00e9-e-s dans les diff\u00e9rents services!<\/p>\n","protected":false},"excerpt":{"rendered":"<p>Diane Barraud, m\u00e9diatrice Fille et petite-fille de r\u00e9fugi\u00e9s tch\u00e9coslovaques, Diane Barraud a dans ses g\u00e8nes cette sensibilit\u00e9 pour la migration. Engag\u00e9e tr\u00e8s jeune dans sa paroisse du Gros-de-Vaud et dans les scouts, elle part \u00e0 vingt ans \u00e0 Madagascar, un voyage important pour elle. Apr\u00e8s ses \u00e9tudes de th\u00e9ologie \u00e0 Lausanne et Paris, elle exerce son minist\u00e8re de pasteure dans<\/p>\n<p><a class=\"more-link\" href=\"http:\/\/www.eglisemigrationvd.com\/wpweb\/?page_id=90\">Read More<\/a><\/p>\n","protected":false},"author":1,"featured_media":0,"parent":0,"menu_order":0,"comment_status":"closed","ping_status":"closed","template":"","meta":{"ngg_post_thumbnail":0,"jetpack_post_was_ever_published":false,"footnotes":""},"class_list":["post-90","page","type-page","status-publish","hentry"],"jetpack_sharing_enabled":true,"jetpack_shortlink":"https:\/\/wp.me\/P5l6ys-1s","_links":{"self":[{"href":"http:\/\/www.eglisemigrationvd.com\/wpweb\/index.php?rest_route=\/wp\/v2\/pages\/90","targetHints":{"allow":["GET"]}}],"collection":[{"href":"http:\/\/www.eglisemigrationvd.com\/wpweb\/index.php?rest_route=\/wp\/v2\/pages"}],"about":[{"href":"http:\/\/www.eglisemigrationvd.com\/wpweb\/index.php?rest_route=\/wp\/v2\/types\/page"}],"author":[{"embeddable":true,"href":"http:\/\/www.eglisemigrationvd.com\/wpweb\/index.php?rest_route=\/wp\/v2\/users\/1"}],"replies":[{"embeddable":true,"href":"http:\/\/www.eglisemigrationvd.com\/wpweb\/index.php?rest_route=%2Fwp%2Fv2%2Fcomments&post=90"}],"version-history":[{"count":66,"href":"http:\/\/www.eglisemigrationvd.com\/wpweb\/index.php?rest_route=\/wp\/v2\/pages\/90\/revisions"}],"predecessor-version":[{"id":33248,"href":"http:\/\/www.eglisemigrationvd.com\/wpweb\/index.php?rest_route=\/wp\/v2\/pages\/90\/revisions\/33248"}],"wp:attachment":[{"href":"http:\/\/www.eglisemigrationvd.com\/wpweb\/index.php?rest_route=%2Fwp%2Fv2%2Fmedia&parent=90"}],"curies":[{"name":"wp","href":"https:\/\/api.w.org\/{rel}","templated":true}]}}